{"id":429,"date":"2009-06-10T20:52:58","date_gmt":"2009-06-10T18:52:58","guid":{"rendered":"http:\/\/pfzl.de\/weblog\/?page_id=429"},"modified":"2024-03-06T11:16:56","modified_gmt":"2024-03-06T10:16:56","slug":"faq","status":"publish","type":"page","link":"https:\/\/pfzl.de\/blog\/?page_id=429","title":{"rendered":"F.A.Q."},"content":{"rendered":"<p style=\"margin-bottom: 15px;\">&#8222;F.A.Q.&#8220; ist die Kurzform f\u00fcr &#8222;<strong>f<\/strong>requently <strong>a<\/strong>sked <strong>q<\/strong>uestions&#8220;, was so viel wie &#8222;h\u00e4ufig gestellte Fragen&#8220; bedeutet. Um etwas mehr \u00fcber uns in Erfahrung bringen zu k\u00f6nnen, haben wir hier f\u00fcr Sie solche Fragen beantwortet.<\/p>\n<button class=\"accordion\">Was ist das PFZL?<\/button>\n<div class=\"panel\"><p>Das <strong>Pf<\/strong>ingst<strong>z<\/strong>elt<strong>l<\/strong>ager ist ein ehrenamtliches, christliches Ferien\u00adlager, das von Jugendlichen geleitet wird. Es wird von der Katholischen Jugendstelle Wei\u00dfenhorn (<a href=\"http:\/\/www.jugendstelle-weissenhorn.de\" target=\"_blank\" rel=\"noopener noreferrer\">KJW<\/a>) getragen und von verschiedenen Sponsoren materiell unterst\u00fctzt.<br \/>\nEs bedeutet eine Woche Spiel, Spa\u00df, Selbstst\u00e4ndigkeit und Abenteuer f\u00fcr Kinder zwischen 9 und 14 Jahren ganz unter dem Motto \u201eGemeinsam Leben Erleben&#8220;.<\/p><\/div>\n<button class=\"accordion\">Wann findet das PFZL statt?<\/button>\n<div class=\"panel\"><p>Das PFZL findet jedes Jahr von Pfingstmontag (16:00 Uhr) bis zum darauffolgenden Sonntag (14:00 Uhr) statt. <small>Wir bitten Sie, nicht fr\u00fcher anzureisen, da wir die Zeit dazu ben\u00f6tigen, um uns auf dem Zeltplatz einzurichten sowie die letzten Vorbereitungen zu treffen.<\/small><\/p><\/div>\n<button class=\"accordion\">Wer veranstaltet dieses Zeltlager?<\/button>\n<div class=\"panel\"><p>Das Zeltlager wird von der Katholischen Jugendstelle Wei\u00dfen\u00adhorn (<a href=\"http:\/\/www.jugendstelle-weissenhorn.de\" target=\"_blank\" rel=\"noopener noreferrer\">KJW<\/a>) getragen und von einem geschulten Betreuerteam ehrenamtlich geleitet. Die Betreuer waren alle selbst einmal Kinder des PFZL. Das PFZL w\u00e4chst also aus sich heraus.<\/p><\/div>\n<button class=\"accordion\">Wie qualifiziert sind die Betreuer?<\/button>\n<div class=\"panel\"><p>Unsere Betreuer sind alles ehrenamtliche Jugendliche zwischen 15 und 27 Jahren, die sich durch mehrere Jugend\u00adleiter\u00adschulungen und Aufbaukurse bei unseren Tr\u00e4gern (<a href=\"http:\/\/www.jugendstelle-weissenhorn.de\" target=\"_blank\" rel=\"noopener noreferrer\">KJW<\/a>) st\u00e4ndig fortbilden.<\/p><\/div>\n<button class=\"accordion\">Wieso veranstaltet Ihr dieses Zeltlager?<\/button>\n<div class=\"panel\"><p>Jeder von uns Betreuern war selbst einmal Kind im PFZL. Die tollen Erfahrungen nach dem Motto \u201eGemeinsam Leben Erleben&#8220; m\u00f6chten wir gern anderen Kindern erm\u00f6glichen. Dabei m\u00f6chten wir eine Abwechslung zum gew\u00f6hnlichen Alltag mit reichlich Bewegung in der Natur und ein Gemeinschaftsgef\u00fchl vermitteln. Ein lohnender Nebeneffekt ist dabei der Spa\u00df, den wir Betreuer in diesen sieben Tagen an der Jugendarbeit haben d\u00fcrfen.<\/p><\/div>\n<button class=\"accordion\">Wo ist das PFZL?<\/button>\n<div class=\"panel\"><p>Das PFZL findet jedes Jahr auf einem anderen, neuen Zeltplatz statt. Wir wollen dabei sicherstellen, dass ein Kind niemals zweimal auf dem gleichen Zeltplatz teilnimmt. D.h. einen Zeltplatz besuchen wir fr\u00fchestens alle sechs Jahre noch einmal. Um eine zu weite Anreise zu vermeiden, suchen wir Zeltpl\u00e4tze in maximal 1,5 Autostunden Entfernung.<\/p><\/div>\n<button class=\"accordion\">Was macht man \u00fcberhaupt so im Zeltlager?<\/button>\n<div class=\"panel\"><p><small><em>Ein kleiner Tages\u00fcberblick folgt in K\u00fcrze\u2026<\/em><\/small><\/p><\/div>\n<button class=\"accordion\">Wer darf alles mit ins Zeltlager?<\/button>\n<div class=\"panel\"><p>Jeder Junge und jedes M\u00e4dchen zwischen neun und 14 Jahren.<\/p><\/div>\n<button class=\"accordion\">Wie viele Teilnehmer nehmt Ihr pro Zeltlager mit?<\/button>\n<div class=\"panel\"><p>Im Normalfall nehmen wir zwischen 60 und 70 Teilnehmer pro Zeltlager mit. Die Teilnehmerzahl ist auch abh\u00e4ngig von der Anzahl der Betreuer. Wir haben uns f\u00fcr diese relativ geringe Anzahl an Teilnehmern entschieden, damit das Gemeinschafts\u00adgef\u00fchl gew\u00e4hrleistet ist. So kennt im PfZl jeder jeden und wir k\u00f6nnen eine Woche \u201eGemeinsam Leben Erleben&#8220;.<\/p><\/div>\n<button class=\"accordion\">Wie viele Personen passen in ein Zelt?<\/button>\n<div class=\"panel\"><p>Im PFZL haben wir zwei verschiedene Zelttypen: kleine, runde 5-Mann-Zelte (Alex) sowie eckige 10-Mann-Zelte (Bill).<\/p><\/div>\n<button class=\"accordion\">Schlafen Jungen und M\u00e4dchen in getrennten Zelten?<\/button>\n<div class=\"panel\"><p>Ja.<\/p><\/div>\n<button class=\"accordion\">Wann und wie werden die Zelte verteilt?<\/button>\n<div class=\"panel\"><p>Am ersten Tag, nachdem alle (!) Kinder angekommen sind, wird zu Beginn die Zelteinteilung vorgenommen. Dabei entscheiden sich die Kinder, mit wem sie sich die Woche \u00fcber ein Zelt teilen wollen. Hierbei versuchen wir m\u00f6glichst allen W\u00fcnschen gerecht zu werden. Anschlie\u00dfend d\u00fcrfen sich die einzelnen Zelte jeweils zwei ZeltbetreuerInnen aussuchen, die \u00fcber die Woche hinweg die ersten Ansprechpartner des jeweiligen Zeltes sein werden.<\/p><\/div>\n<button class=\"accordion\">Was packe ich am besten alles in meine Zeltlagertasche?<\/button>\n<div class=\"panel\"><p>Hierf\u00fcr haben wir f\u00fcr Sie eine <a title=\"\u00bb Checkliste f\u00fcr die Reisetasche\" href=\"http:\/\/pfzl.de\/blog\/wp-content\/checkliste.pdf\" target=\"_blank\" rel=\"noopener noreferrer\">Checkliste<\/a> zusammengestellt, an der Sie sich orientieren k\u00f6nnen.<\/p><\/div>\n<button class=\"accordion\">Wieso sind elektrische Ger\u00e4te im PFZL nicht erw\u00fcnscht?<\/button>\n<div class=\"panel\"><p>Uns ist es ein Anliegen, dass sich Ihre Kinder miteinander besch\u00e4ftigen, ohne dabei auf elektronische Medien zur\u00fcckgreifen zu m\u00fcssen. Handy, PC und Co nehmen ohnehin schon einen viel zu gro\u00dfen Teil der Freizeit der heutigen Jugend ein, sodass wenigstens eine Woche darauf verzichtet werden kann. F\u00fcr den Notfall haben die Betreuer ein <a href=\"http:\/\/pfzl.de\/blog\/?page_id=3177\" target=\"_blank\" rel=\"noopener noreferrer\">Handy<\/a> dabei, das jederzeit erreichbar ist.<\/p><\/div>\n<button class=\"accordion\">Darf ich ein Taschenmesser mit ins Zeltlager nehmen?<\/button>\n<div class=\"panel\"><p>Nat\u00fcrlich darf und soll sogar ein Taschenmesser mitgenommen werden. Allerdings beschr\u00e4nken wir uns dabei auf ein normales Taschenmesserformat. Messer, die eine Klinge l\u00e4nger als 7cm haben und deren Schneide einrastbar ist, d.h. nur durch eine Entriegelung gel\u00f6st werden kann, bitte zu Hause lassen.<\/p><\/div>\n<button class=\"accordion\">Wie hoch ist der Teilnehmerbeitrag?<\/button>\n<div class=\"panel\"><p>Die Teilnahme am Pfingstzeltlager kostet 120 \u20ac pro Teilnehmer f\u00fcr eine Woche Unterkunft, Verpflegung und Abenteuer. Die Kos\u00ad\u00adten f\u00fcr das zweite Kind einer Familie betragen 115 \u20ac, f\u00fcr jedes wei\u00adte\u00adre fallen 110 \u20ac an.<br \/>\n<\/p><\/div>\n<button class=\"accordion\">Braucht man im PFZL noch extra Geld?<\/button>\n<div class=\"panel\"><p>Eigentlich wird im PFZL selbst kein separates Geld mehr ben\u00f6tigt, da in der Teilnahmegeb\u00fchr alles inbegriffen ist. Nichtsdestotrotz bieten wir den Kindern zus\u00e4tzlich alternative Getr\u00e4nke (Apfelsaftschorle, Orangenlimo,\u2026) zum immer verf\u00fcgbaren, kostenlosen Wasser und Tee an, die zum Selbstkostenpreis erworben werden k\u00f6nnen.<\/p><\/div>\n<button class=\"accordion\">Wie lange darf ich im Zeltlager wach bleiben?<\/button>\n<div class=\"panel\"><p>Das ist immer abh\u00e4ngig vom Programm. Normalerweise gehen alle sp\u00e4testens gegen 22:30 Uhr ins Bett. Dank der vielen Bewegung an der frischen Luft bitten manche Kinder sogar darum, schon etwas fr\u00fcher ins Bett gehen zu d\u00fcrfen. Geweckt wird \u00fcbrigens um 7:30 Uhr. Allerdings muss man dazusagen, dass wir unsere eigene Zeltlagerzeit haben. Zu Beginn des PFZLs&nbsp;stellen wir unsere Uhren um zwei Stunden nach hinten, was den Vorteil hat, dass wir gef\u00fchlsm\u00e4\u00dfig relativ normale Uhrzeiten haben und es am Abend f\u00fcr Nachtspiele und das Lagerfeuer ausreichend dunkel ist. Ein normaler Tag im PFZL&nbsp;beginnt somit in Wirklichkeit um 9:30 Uhr und endet ungef\u00e4hr gegen 00:30 Uhr.<\/p><\/div>\n<button class=\"accordion\">Was ist die Nachtwache?<\/button>\n<div class=\"panel\"><p>Die Nachtwache ist da, um &#8211; so sagt schon der Name &#8211; nachts \u00fcber uns zu wachen. Grund daf\u00fcr sind \u00dcberf\u00e4lle, die von Zeit zu Zeit von befreundeten Jungen und M\u00e4dchen oder auch anderen Zeltlagern auf uns ausge\u00fcbt werden.<br \/>\nSie besteht aus zwei Schichten, die in regelm\u00e4\u00dfigen Abst\u00e4nden \u00fcber den Zeltplatz patrouillieren. Dabei sorgen sie nicht nur f\u00fcr unsere Sicherheit, sondern auch f\u00fcr Ruhe und Ordnung auf dem Platz. Die Kinder lernen dabei, Verantwortung f\u00fcr sich und andere zu \u00fcbernehmen.<\/p><\/div>\n<button class=\"accordion\">Was ist ein \u00dcberfall?<\/button>\n<div class=\"panel\"><p>\u00dcberfall h\u00f6rt sich im ersten Moment spektakul\u00e4r und gef\u00e4hrlich an. Im Endeffekt ist es jedoch eine Art Spiel f\u00fcr alle. Im Grunde geht es darum, dass versucht wird, dem Lager etwas zu entwenden. Ziele sind dabei wichtige Gegenst\u00e4nde wie Kochgeschirr, Werkzeuge oder auch die Zeltlagerflagge (keine privaten Gegenst\u00e4nde!), welche sp\u00e4ter gegen ein Pfand (bspw. ein Fr\u00fchst\u00fcck) eingel\u00f6st werden.<br \/>\nSolche \u00dcberf\u00e4lle sind zeitlich nicht mit den Betreuern abgesprochen. Sie k\u00f6nnen also jederzeit passieren. Doch wie bei allen Spielen gilt auch hier: Niemand und Nichts soll dabei zu Schaden kommen! Nat\u00fcrlich kommt es auf beiden Seiten zu Rangeleien, die jedoch auf ein faires Raufen beschr\u00e4nkt sind. Es soll f\u00fcr keinen darum gehen, etwas zu gewinnen oder zu verlieren, sondern allein darum, Spa\u00df zu haben.<\/p><\/div>\n<button class=\"accordion\">D\u00fcrfen wir, ein anderes Zeltlager, Eueres \u00fcberfallen?<\/button>\n<div class=\"panel\"><p>\u2192 <a title=\"\u00bb \u00dcberfallregeln\" href=\"http:\/\/pfzl.de\/blog\/?page_id=2572\">\u00dcberfallregeln<\/a><\/p><\/div>\n<button class=\"accordion\">Trifft man sich auch so unter dem Jahr oder nur im PFZL?<\/button>\n<div class=\"panel\"><p>Nach dem Zeltlager ist jedes Jahr ein Nachtreffen angesetzt. Dabei trifft man sich gem\u00fctlich zu Kaffee und Kuchen und schaut gemeinsam Bilder des vergangenen PFZLs an. Au\u00dferdem wird auch das ein oder andere Spiel zusammen gespielt.<\/p><\/div>\n<button class=\"accordion\">Wie kann ich Betreuer werden?<\/button>\n<div class=\"panel\"><p>Jedes ehemalige PFZL-Kind hat die M\u00f6glichkeit bei uns Betreuer zu werden. Er\/Sie sollte jedoch mindestens 15 Jahre alt sein und Interesse am PFZL&nbsp;zeigen. Ziel des aktuellen Teams ist es, das Bestehen des PFZLs&nbsp;langfristig zu sichern. Wichtig ist uns dabei Zuverl\u00e4ssigkeit, die Motivation sowie ein guter Umgang mit Mitmenschen, insbesondere Kindern. Falls Du Interesse hast Betreuer zu werden, melde Dich am besten noch w\u00e4hrend des PFZLs&nbsp;oder auch jetzt bei der <a title=\"\u00bb Leitung\" href=\"http:\/\/pfzl.de\/blog\/?page_id=109#leitung\">Leitung<\/a> [<a title=\"\u00bb Zum Kontaktformular\" href=\"http:\/\/pfzl.de\/blog\/?page_id=111\">Kontaktformular<\/a>].<\/p><\/div>\n<button class=\"accordion\">Gibt es Zuschussm\u00f6glichkeiten f\u00fcr die Teilnahme am PFZL?<\/button>\n<div class=\"panel\"><p>Ja. Wenden Sie sich dazu bitte am besten direkt an unseren Tr\u00e4ger, die Katholische Jugendstelle Wei\u00dfenhorn (<a href=\"http:\/\/www.jugendstelle-weissenhorn.de\" target=\"_blank\" rel=\"noopener noreferrer\">KJW<\/a>). Dadurch dass die Anmeldungen komplett \u00fcber die Katholische Jugendstelle Wei\u00dfenhorn laufen, kann Ihnen dort geholfen werden.<\/p><\/div>\n<button class=\"accordion\">Sind noch Pl\u00e4tze im PFZL frei?<\/button>\n<div class=\"panel\"><p>Da die Anmeldungen direkt \u00fcber unseren Tr\u00e4ger, die Katholische Jugendstelle Wei\u00dfenhorn, vorgenommen werden, k\u00f6nnen wir leider nicht zu jedem Zeitpunkt eine Aussage \u00fcber die aktuellen Anmeldezahlen treffen. Aus diesem Grund kann davon ausgegangen werden, dass noch freie Pl\u00e4tze verf\u00fcgbar sind. F\u00fcr den Fall, dass alle Pl\u00e4tze vergeben sind, w\u00fcrde dies \u00fcber unsere Webseite kommuniziert werden.<\/p><\/div>\n<button class=\"accordion\">War meine Anmeldung f\u00fcr das PFZL erfolgreich?<\/button>\n<div class=\"panel\"><p><!--Sofern der Anmeldeabschnitt ausgef\u00fcllt und an die Katholischen Jugendstelle Wei\u00dfenhorn gesandt wurde sowie der Teilnehmerbeitrag \u00fcberwiesen wurde, kann davon ausgegangen werden, dass die Anmeldung erfolgreich abgeschlossen wurde. Es erfolgt danach keine explizite Anmeldebest\u00e4tigung. Nur f\u00fcr den Fall, dass mit der Anmeldung noch weitere Fragen offen blieben oder die Teilnehmerzahl \u00fcberschritten w\u00e4re, w\u00fcrde sich die Katholische Jugendstelle Wei\u00dfenhorn mit Ihnen in Verbindung setzen.-->Nach dem Zahlungseingang des vollst\u00e4ndigen Teilnehmer\u00adbeitrages und dem Erhalt der Anmeldebest\u00e4tigung (via E-Mail) von der Katholischen Jugendstelle Wei\u00dfenhorn ist ihre Anmeldung verbindlich.<\/p><\/div>\n<button class=\"accordion\">Seid ihr notfalls auch w\u00e4hrend des PFZLs erreichbar?<\/button>\n<div class=\"panel\"><p>Ja. F\u00fcr den Fall, dass man uns aus einem <em>wichtigen<\/em> Grund w\u00e4hrend des PFZLs erreichen muss, haben wir ein &#8222;<a href=\"http:\/\/pfzl.de\/blog\/?page_id=3177\" target=\"_blank\" rel=\"noopener noreferrer\">Notfall-Handy<\/a>&#8220; mit dabei, \u00fcber das wir quasi rund um die Uhr erreichbar sind.<\/p><\/div>\n<button class=\"accordion\">Ihre Frage war nicht dabei!?<\/button>\n<div class=\"panel\"><p>Falls Sie eine Frage haben, die hier bisher nicht aufgef\u00fchrt ist und vielleicht auch andere interessieren k\u00f6nnte, dann schreiben Sie uns doch bitte eine kurze <a href=\"http:\/\/pfzl.de\/blog\/?page_id=111\">E-Mail<\/a>, damit wir diese Frage hier erg\u00e4nzen k\u00f6nnen. \u2014 Vielen Dank!<\/p><\/div>\n<p style=\"text-align: right;\"><a href=\"#\" class=\"top\" style=\"color: gray; text-decoration: none;\"><i class=\"fa fa-hand-o-up\" aria-hidden=\"true\"><\/i> nach oben<\/a><\/p>\n","protected":false},"excerpt":{"rendered":"<p>&#8222;F.A.Q.&#8220; ist die Kurzform f\u00fcr &#8222;frequently asked questions&#8220;, was so viel wie &#8222;h\u00e4ufig gestellte Fragen&#8220; bedeutet. Um etwas mehr \u00fcber uns in Erfahrung bringen zu k\u00f6nnen, haben wir hier f\u00fcr Sie solche Fragen beantwortet.<\/p>\n","protected":false},"author":9,"featured_media":0,"parent":0,"menu_order":5,"comment_status":"closed","ping_status":"closed","template":"","meta":{"footnotes":""},"class_list":["post-429","page","type-page","status-publish","hentry"],"jetpack_shortlink":"https:\/\/wp.me\/P8qkQQ-6V","jetpack_sharing_enabled":true,"_links":{"self":[{"href":"https:\/\/pfzl.de\/blog\/index.php?rest_route=\/wp\/v2\/pages\/429","targetHints":{"allow":["GET"]}}],"collection":[{"href":"https:\/\/pfzl.de\/blog\/index.php?rest_route=\/wp\/v2\/pages"}],"about":[{"href":"https:\/\/pfzl.de\/blog\/index.php?rest_route=\/wp\/v2\/types\/page"}],"author":[{"embeddable":true,"href":"https:\/\/pfzl.de\/blog\/index.php?rest_route=\/wp\/v2\/users\/9"}],"replies":[{"embeddable":true,"href":"https:\/\/pfzl.de\/blog\/index.php?rest_route=%2Fwp%2Fv2%2Fcomments&post=429"}],"version-history":[{"count":115,"href":"https:\/\/pfzl.de\/blog\/index.php?rest_route=\/wp\/v2\/pages\/429\/revisions"}],"predecessor-version":[{"id":4107,"href":"https:\/\/pfzl.de\/blog\/index.php?rest_route=\/wp\/v2\/pages\/429\/revisions\/4107"}],"wp:attachment":[{"href":"https:\/\/pfzl.de\/blog\/index.php?rest_route=%2Fwp%2Fv2%2Fmedia&parent=429"}],"curies":[{"name":"wp","href":"https:\/\/api.w.org\/{rel}","templated":true}]}}