{"id":2361,"date":"2016-02-24T11:54:30","date_gmt":"2016-02-24T10:54:30","guid":{"rendered":"http:\/\/pfzl.de\/weblog\/?page_id=2361"},"modified":"2018-12-08T14:53:06","modified_gmt":"2018-12-08T13:53:06","slug":"presse","status":"publish","type":"page","link":"https:\/\/pfzl.de\/blog\/?page_id=2361","title":{"rendered":"Presse"},"content":{"rendered":"<p>Wir, als ehrenamtliches Zeltlager, freuen uns immer \u00fcber eine Be\u00adricht\u00aderstattung \u00fcber unser Pfingstzeltlager. Aus diesem Grund haben wir einige Informationen und Bilder zusammengestellt, die beim Erstellen eines Artikels hilfreich sein k\u00f6nnten.<\/p>\n<button class=\"accordion\">Presse-Kit<\/button>\n<div class=\"panel\"><p><em>Presse.zip<\/em> <small>(wird noch ver\u00f6f\u00adfent\u00adlicht)<\/small><br \/>\n<\/p><\/div>\n<button class=\"accordion\">Zeitungsartikel<\/button>\n<div class=\"panel\"><p>Eine (unvollst\u00e4ndige) Auflistung bisher erschienener Zeitungs\u00adar\u00adti\u00adkel:<\/p>\n<ul>\n<li>E-PFZL &#8222;Fuggerweiher&#8220; 2006\n<ul>\n<li><a href=\"http:\/\/pfzl.de\/weblog\/wp-content\/artikelepfzl06.01.jpg\" target=\"_blank\">NUZ<\/a> <small>(11.07.2006)<\/small><\/li>\n<li><a href=\"http:\/\/pfzl.de\/weblog\/wp-content\/artikelepfzl06.02.jpg\" target=\"_blank\">SWP<\/a> <small>(26.09.2006)<\/small><\/li>\n<li><a href=\"http:\/\/pfzl.de\/weblog\/wp-content\/artikelepfzl06.03.jpg\" target=\"_blank\">NUZ<\/a> <small>(27.09.2006)<\/small><\/li>\n<\/ul>\n<\/li>\n<li>PFZL &#8222;Adelm\u00fchle&#8220; 2007\n<ul>\n<li><a href=\"http:\/\/pfzl.de\/weblog\/wp-content\/artikel07.jpg\" target=\"_blank\">NUZ<\/a> <small>(?)<\/small><\/li>\n<\/ul>\n<\/li>\n<\/ul>\n<p><small>\u00dcber Links zu Artikeln, die wir noch nicht kennen bzw. hier noch nicht aufgelistet sind, w\u00fcrden wir uns nat\u00fcrlich ebenfalls sehr freuen. Danke!<\/small><br \/>\n<\/p><\/div>\n<p>Falls noch weitere Medien ben\u00f6tigt werden oder Fragen offen ge\u00adblie\u00adben sein sollten, so darf uns gerne eine <a href=\"http:\/\/pfzl.de\/kontakt\">E-Mail<\/a> geschickt werden.<\/p>\n","protected":false},"excerpt":{"rendered":"<p>Wir, als ehrenamtliches Zeltlager, freuen uns immer \u00fcber eine Be\u00adricht\u00aderstattung \u00fcber unser Pfingstzeltlager. Aus diesem Grund haben wir einige Informationen und Bilder zusammengestellt, die beim Erstellen eines Artikels hilfreich sein k\u00f6nnten. Falls noch weitere Medien ben\u00f6tigt werden oder Fragen offen ge\u00adblie\u00adben sein sollten, so darf uns gerne eine E-Mail geschickt werden.<\/p>\n","protected":false},"author":9,"featured_media":0,"parent":111,"menu_order":1,"comment_status":"closed","ping_status":"closed","template":"","meta":{"footnotes":""},"class_list":["post-2361","page","type-page","status-publish","hentry"],"jetpack_shortlink":"https:\/\/wp.me\/P8qkQQ-C5","jetpack_sharing_enabled":true,"_links":{"self":[{"href":"https:\/\/pfzl.de\/blog\/index.php?rest_route=\/wp\/v2\/pages\/2361","targetHints":{"allow":["GET"]}}],"collection":[{"href":"https:\/\/pfzl.de\/blog\/index.php?rest_route=\/wp\/v2\/pages"}],"about":[{"href":"https:\/\/pfzl.de\/blog\/index.php?rest_route=\/wp\/v2\/types\/page"}],"author":[{"embeddable":true,"href":"https:\/\/pfzl.de\/blog\/index.php?rest_route=\/wp\/v2\/users\/9"}],"replies":[{"embeddable":true,"href":"https:\/\/pfzl.de\/blog\/index.php?rest_route=%2Fwp%2Fv2%2Fcomments&post=2361"}],"version-history":[{"count":14,"href":"https:\/\/pfzl.de\/blog\/index.php?rest_route=\/wp\/v2\/pages\/2361\/revisions"}],"predecessor-version":[{"id":3211,"href":"https:\/\/pfzl.de\/blog\/index.php?rest_route=\/wp\/v2\/pages\/2361\/revisions\/3211"}],"up":[{"embeddable":true,"href":"https:\/\/pfzl.de\/blog\/index.php?rest_route=\/wp\/v2\/pages\/111"}],"wp:attachment":[{"href":"https:\/\/pfzl.de\/blog\/index.php?rest_route=%2Fwp%2Fv2%2Fmedia&parent=2361"}],"curies":[{"name":"wp","href":"https:\/\/api.w.org\/{rel}","templated":true}]}}